{"id":154,"date":"2023-06-22T17:19:38","date_gmt":"2023-06-22T15:19:38","guid":{"rendered":"https:\/\/omct-tunisie.org\/storytelling-ilamata\/?post_type=time_line&#038;p=154"},"modified":"2023-06-22T17:24:38","modified_gmt":"2023-06-22T15:24:38","slug":"mort-suspecte-en-prison","status":"publish","type":"time_line","link":"https:\/\/omct-tunisie.org\/storytelling-ilamata\/time_line\/mort-suspecte-en-prison\/","title":{"rendered":"Mort suspecte en prison"},"content":{"rendered":"\n<p>Hamdi a \u00e9t\u00e9 arr\u00eat\u00e9 le 4 mai 2022 et plac\u00e9 en d\u00e9tention pr\u00e9ventive sur le fondement d\u2019une accusation de vol. Lors d\u2019une de ses visites en prison le 15 ao\u00fbt suivant, son fr\u00e8re a \u00e9t\u00e9 inform\u00e9 que Hamdi avait \u00e9t\u00e9 plac\u00e9 en cellule d\u2019isolement. Une semaine plus tard, le p\u00e8re de Hamdi s\u2019est rendu \u00e0 la prison pour visiter son fils et a appris qu\u2019il avait \u00e9t\u00e9 transf\u00e9r\u00e9 \u00e0 l\u2019h\u00f4pital quelques jours plus t\u00f4t, sans que sa famille ne soit pr\u00e9venue.<\/p>\n\n\n\n<p>A son arriv\u00e9e \u00e0 l\u2019h\u00f4pital, le p\u00e8re a \u00e9t\u00e9 inform\u00e9 que Hamdi est en train de se faire op\u00e9rer. Le m\u00e9decin lui a ensuite dit que son fils \u00e9tait partiellement paralys\u00e9. Apr\u00e8s l\u2019op\u00e9ration, Hamdi a racont\u00e9 \u00e0 son p\u00e8re qu\u2019il avait \u00e9t\u00e9 battu par des agents p\u00e9nitentiaires. Quelques jours plus tard, Hamdi est tomb\u00e9 dans le coma. Le 1<sup>er<\/sup>&nbsp;septembre 2022, il est d\u00e9c\u00e9d\u00e9. Le certificat de d\u00e9c\u00e8s mentionne une d\u00e9faillance cardio-respiratoire. Une autopsie a \u00e9t\u00e9 r\u00e9alis\u00e9e mais le rapport n\u2019a pas encore \u00e9t\u00e9 communiqu\u00e9 \u00e0 la famille \u00e0 ce jour.<\/p>\n\n\n\n<p>D\u2019apr\u00e8s les informations collect\u00e9es par SANAD par la suite, Hamdi aurait \u00e9t\u00e9 plac\u00e9 \u00e0 l\u2019isolement \u00e0 la suite d\u2019une dispute avec le chef de sa cellule. L\u00e0-bas, il aurait \u00e9t\u00e9 tabass\u00e9 par deux agents, jusqu\u2019\u00e0 perdre connaissance.<\/p>\n\n\n\n<p>L\u2019enqu\u00eate a \u00e9t\u00e9 ouverte sur le fondement de l\u2019article 31 du code de proc\u00e9dure p\u00e9nale qui pr\u00e9voit la possibilit\u00e9 pour le procureur de demander au juge d\u2019instruction d\u2019enqu\u00eater \u00ab&nbsp;contre inconnu&nbsp;\u00bb en attendant l\u2019\u00e9ventuelle identification de suspects. La cons\u00e9quence est en souvent, comme dans le cas pr\u00e9sent, que le juge d\u2019instruction refuse aux parents du d\u00e9funt le droit de se constituer partie civile et de suivre le d\u00e9roulement de l\u2019enqu\u00eate. Il arrive que des parents demeurent ainsi des ann\u00e9es sans conna\u00eetre les causes ni les circonstances de la mort de leur enfant.<\/p>\n","protected":false},"excerpt":{"rendered":"<p>Hamdi est d\u00e9c\u00e9d\u00e9 \u00e0 l\u2019h\u00f4pital le 1er septembre 2022, environ une semaine apr\u00e8s son transfert de la prison o\u00f9 il \u00e9tait en d\u00e9tention pr\u00e9ventive depuis le mois de mai. Lorsque son p\u00e8re lui a rendu visite \u00e0 l\u2019h\u00f4pital juste avant sa mort, il a trouv\u00e9 son fils paralys\u00e9. Ce dernier pr\u00e9sentait, selon son p\u00e8re, des<br \/>\ntraces de violence et a racont\u00e9 qu\u2019il avait \u00e9t\u00e9 s\u00e9v\u00e8rement battu par des gardiens. Peu apr\u00e8s la visite de son p\u00e8re \u00e0 l\u2019h\u00f4pital, Hamdi est tomb\u00e9 dans le coma, puis il est d\u00e9c\u00e9d\u00e9, officiellement des suites d\u2019une d\u00e9faillance cardio-respiratoire. Une enqu\u00eate est en cours mais \u00e0 ce jour, la famille de Hamdi ne conna\u00eet toujours pas les causes ni encore moins les circonstances de sa mort.<\/p>\n","protected":false},"featured_media":0,"template":"","class_list":["post-154","time_line","type-time_line","status-publish","hentry"],"yoast_head":"<!-- This site is optimized with the Yoast SEO plugin v20.9 - https:\/\/yoast.com\/wordpress\/plugins\/seo\/ -->\n<title>Mort suspecte en prison - Jusqu&#039;\u00e0 quand ?<\/title>\n<meta name=\"robots\" content=\"index, follow, max-snippet:-1, max-image-preview:large, max-video-preview:-1\" \/>\n<link rel=\"canonical\" href=\"https:\/\/omct-tunisie.org\/storytelling-ilamata\/time_line\/mort-suspecte-en-prison\/\" \/>\n<meta property=\"og:locale\" content=\"fr_FR\" \/>\n<meta property=\"og:type\" content=\"article\" \/>\n<meta property=\"og:title\" content=\"Mort suspecte en prison - Jusqu&#039;\u00e0 quand ?\" \/>\n<meta property=\"og:description\" content=\"Hamdi est d\u00e9c\u00e9d\u00e9 \u00e0 l\u2019h\u00f4pital le 1er septembre 2022, environ une semaine apr\u00e8s son transfert de la prison o\u00f9 il \u00e9tait en d\u00e9tention pr\u00e9ventive depuis le mois de mai. Lorsque son p\u00e8re lui a rendu visite \u00e0 l\u2019h\u00f4pital juste avant sa mort, il a trouv\u00e9 son fils paralys\u00e9. Ce dernier pr\u00e9sentait, selon son p\u00e8re, des traces de violence et a racont\u00e9 qu\u2019il avait \u00e9t\u00e9 s\u00e9v\u00e8rement battu par des gardiens. Peu apr\u00e8s la visite de son p\u00e8re \u00e0 l\u2019h\u00f4pital, Hamdi est tomb\u00e9 dans le coma, puis il est d\u00e9c\u00e9d\u00e9, officiellement des suites d\u2019une d\u00e9faillance cardio-respiratoire. Une enqu\u00eate est en cours mais \u00e0 ce jour, la famille de Hamdi ne conna\u00eet toujours pas les causes ni encore moins les circonstances de sa mort.\" \/>\n<meta property=\"og:url\" content=\"https:\/\/omct-tunisie.org\/storytelling-ilamata\/time_line\/mort-suspecte-en-prison\/\" \/>\n<meta property=\"og:site_name\" content=\"Jusqu&#039;\u00e0 quand ?\" \/>\n<meta property=\"article:modified_time\" content=\"2023-06-22T15:24:38+00:00\" \/>\n<meta name=\"twitter:card\" content=\"summary_large_image\" \/>\n<meta name=\"twitter:label1\" content=\"Dur\u00e9e de lecture estim\u00e9e\" \/>\n\t<meta name=\"twitter:data1\" content=\"2 minutes\" \/>\n<script type=\"application\/ld+json\" class=\"yoast-schema-graph\">{\"@context\":\"https:\/\/schema.org\",\"@graph\":[{\"@type\":\"WebPage\",\"@id\":\"https:\/\/omct-tunisie.org\/storytelling-ilamata\/time_line\/mort-suspecte-en-prison\/\",\"url\":\"https:\/\/omct-tunisie.org\/storytelling-ilamata\/time_line\/mort-suspecte-en-prison\/\",\"name\":\"Mort suspecte en prison - Jusqu&#039;\u00e0 quand ?\",\"isPartOf\":{\"@id\":\"https:\/\/omct-tunisie.org\/storytelling-ilamata\/#website\"},\"datePublished\":\"2023-06-22T15:19:38+00:00\",\"dateModified\":\"2023-06-22T15:24:38+00:00\",\"breadcrumb\":{\"@id\":\"https:\/\/omct-tunisie.org\/storytelling-ilamata\/time_line\/mort-suspecte-en-prison\/#breadcrumb\"},\"inLanguage\":\"fr-FR\",\"potentialAction\":[{\"@type\":\"ReadAction\",\"target\":[\"https:\/\/omct-tunisie.org\/storytelling-ilamata\/time_line\/mort-suspecte-en-prison\/\"]}]},{\"@type\":\"BreadcrumbList\",\"@id\":\"https:\/\/omct-tunisie.org\/storytelling-ilamata\/time_line\/mort-suspecte-en-prison\/#breadcrumb\",\"itemListElement\":[{\"@type\":\"ListItem\",\"position\":1,\"name\":\"Accueil\",\"item\":\"https:\/\/omct-tunisie.org\/storytelling-ilamata\/\"},{\"@type\":\"ListItem\",\"position\":2,\"name\":\"Mort suspecte en prison\"}]},{\"@type\":\"WebSite\",\"@id\":\"https:\/\/omct-tunisie.org\/storytelling-ilamata\/#website\",\"url\":\"https:\/\/omct-tunisie.org\/storytelling-ilamata\/\",\"name\":\"Jusqu&#039;\u00e0 quand ?\",\"description\":\"\",\"potentialAction\":[{\"@type\":\"SearchAction\",\"target\":{\"@type\":\"EntryPoint\",\"urlTemplate\":\"https:\/\/omct-tunisie.org\/storytelling-ilamata\/?s={search_term_string}\"},\"query-input\":\"required name=search_term_string\"}],\"inLanguage\":\"fr-FR\"}]}<\/script>\n<!-- \/ Yoast SEO plugin. -->","yoast_head_json":{"title":"Mort suspecte en prison - Jusqu&#039;\u00e0 quand ?","robots":{"index":"index","follow":"follow","max-snippet":"max-snippet:-1","max-image-preview":"max-image-preview:large","max-video-preview":"max-video-preview:-1"},"canonical":"https:\/\/omct-tunisie.org\/storytelling-ilamata\/time_line\/mort-suspecte-en-prison\/","og_locale":"fr_FR","og_type":"article","og_title":"Mort suspecte en prison - Jusqu&#039;\u00e0 quand ?","og_description":"Hamdi est d\u00e9c\u00e9d\u00e9 \u00e0 l\u2019h\u00f4pital le 1er septembre 2022, environ une semaine apr\u00e8s son transfert de la prison o\u00f9 il \u00e9tait en d\u00e9tention pr\u00e9ventive depuis le mois de mai. Lorsque son p\u00e8re lui a rendu visite \u00e0 l\u2019h\u00f4pital juste avant sa mort, il a trouv\u00e9 son fils paralys\u00e9. Ce dernier pr\u00e9sentait, selon son p\u00e8re, des traces de violence et a racont\u00e9 qu\u2019il avait \u00e9t\u00e9 s\u00e9v\u00e8rement battu par des gardiens. Peu apr\u00e8s la visite de son p\u00e8re \u00e0 l\u2019h\u00f4pital, Hamdi est tomb\u00e9 dans le coma, puis il est d\u00e9c\u00e9d\u00e9, officiellement des suites d\u2019une d\u00e9faillance cardio-respiratoire. Une enqu\u00eate est en cours mais \u00e0 ce jour, la famille de Hamdi ne conna\u00eet toujours pas les causes ni encore moins les circonstances de sa mort.","og_url":"https:\/\/omct-tunisie.org\/storytelling-ilamata\/time_line\/mort-suspecte-en-prison\/","og_site_name":"Jusqu&#039;\u00e0 quand ?","article_modified_time":"2023-06-22T15:24:38+00:00","twitter_card":"summary_large_image","twitter_misc":{"Dur\u00e9e de lecture estim\u00e9e":"2 minutes"},"schema":{"@context":"https:\/\/schema.org","@graph":[{"@type":"WebPage","@id":"https:\/\/omct-tunisie.org\/storytelling-ilamata\/time_line\/mort-suspecte-en-prison\/","url":"https:\/\/omct-tunisie.org\/storytelling-ilamata\/time_line\/mort-suspecte-en-prison\/","name":"Mort suspecte en prison - Jusqu&#039;\u00e0 quand ?","isPartOf":{"@id":"https:\/\/omct-tunisie.org\/storytelling-ilamata\/#website"},"datePublished":"2023-06-22T15:19:38+00:00","dateModified":"2023-06-22T15:24:38+00:00","breadcrumb":{"@id":"https:\/\/omct-tunisie.org\/storytelling-ilamata\/time_line\/mort-suspecte-en-prison\/#breadcrumb"},"inLanguage":"fr-FR","potentialAction":[{"@type":"ReadAction","target":["https:\/\/omct-tunisie.org\/storytelling-ilamata\/time_line\/mort-suspecte-en-prison\/"]}]},{"@type":"BreadcrumbList","@id":"https:\/\/omct-tunisie.org\/storytelling-ilamata\/time_line\/mort-suspecte-en-prison\/#breadcrumb","itemListElement":[{"@type":"ListItem","position":1,"name":"Accueil","item":"https:\/\/omct-tunisie.org\/storytelling-ilamata\/"},{"@type":"ListItem","position":2,"name":"Mort suspecte en prison"}]},{"@type":"WebSite","@id":"https:\/\/omct-tunisie.org\/storytelling-ilamata\/#website","url":"https:\/\/omct-tunisie.org\/storytelling-ilamata\/","name":"Jusqu&#039;\u00e0 quand ?","description":"","potentialAction":[{"@type":"SearchAction","target":{"@type":"EntryPoint","urlTemplate":"https:\/\/omct-tunisie.org\/storytelling-ilamata\/?s={search_term_string}"},"query-input":"required name=search_term_string"}],"inLanguage":"fr-FR"}]}},"time_line_date":"1659308400000","time_line_noc":"Hamdi, 27 ans, Grand Tunis","_links":{"self":[{"href":"https:\/\/omct-tunisie.org\/storytelling-ilamata\/wp-json\/wp\/v2\/time_line\/154","targetHints":{"allow":["GET"]}}],"collection":[{"href":"https:\/\/omct-tunisie.org\/storytelling-ilamata\/wp-json\/wp\/v2\/time_line"}],"about":[{"href":"https:\/\/omct-tunisie.org\/storytelling-ilamata\/wp-json\/wp\/v2\/types\/time_line"}],"wp:attachment":[{"href":"https:\/\/omct-tunisie.org\/storytelling-ilamata\/wp-json\/wp\/v2\/media?parent=154"}],"curies":[{"name":"wp","href":"https:\/\/api.w.org\/{rel}","templated":true}]}}