{"version":"1.0","provider_name":"Jusqu&#039;\u00e0 quand ?","provider_url":"https:\/\/omct-tunisie.org\/storytelling-ilamata","author_name":"adminevt","author_url":"https:\/\/omct-tunisie.org\/storytelling-ilamata\/author\/adminevt\/","title":"Mort suspecte en prison - Jusqu&#039;\u00e0 quand ?","type":"rich","width":600,"height":338,"html":"<blockquote class=\"wp-embedded-content\" data-secret=\"GVa6h7ZD8t\"><a href=\"https:\/\/omct-tunisie.org\/storytelling-ilamata\/time_line\/mort-suspecte-en-prison\/\">Mort suspecte en prison<\/a><\/blockquote><iframe sandbox=\"allow-scripts\" security=\"restricted\" src=\"https:\/\/omct-tunisie.org\/storytelling-ilamata\/time_line\/mort-suspecte-en-prison\/embed\/#?secret=GVa6h7ZD8t\" width=\"600\" height=\"338\" title=\"\u00ab\u00a0Mort suspecte en prison\u00a0\u00bb &#8212; Jusqu&#039;\u00e0 quand ?\" data-secret=\"GVa6h7ZD8t\" frameborder=\"0\" marginwidth=\"0\" marginheight=\"0\" scrolling=\"no\" class=\"wp-embedded-content\"><\/iframe><script type=\"text\/javascript\">\n\/* <![CDATA[ *\/\n\/*! This file is auto-generated *\/\n!function(d,l){\"use strict\";l.querySelector&&d.addEventListener&&\"undefined\"!=typeof URL&&(d.wp=d.wp||{},d.wp.receiveEmbedMessage||(d.wp.receiveEmbedMessage=function(e){var t=e.data;if((t||t.secret||t.message||t.value)&&!\/[^a-zA-Z0-9]\/.test(t.secret)){for(var s,r,n,a=l.querySelectorAll('iframe[data-secret=\"'+t.secret+'\"]'),o=l.querySelectorAll('blockquote[data-secret=\"'+t.secret+'\"]'),c=new RegExp(\"^https?:$\",\"i\"),i=0;i<o.length;i++)o[i].style.display=\"none\";for(i=0;i<a.length;i++)s=a[i],e.source===s.contentWindow&&(s.removeAttribute(\"style\"),\"height\"===t.message?(1e3<(r=parseInt(t.value,10))?r=1e3:~~r<200&&(r=200),s.height=r):\"link\"===t.message&&(r=new URL(s.getAttribute(\"src\")),n=new URL(t.value),c.test(n.protocol))&&n.host===r.host&&l.activeElement===s&&(d.top.location.href=t.value))}},d.addEventListener(\"message\",d.wp.receiveEmbedMessage,!1),l.addEventListener(\"DOMContentLoaded\",function(){for(var e,t,s=l.querySelectorAll(\"iframe.wp-embedded-content\"),r=0;r<s.length;r++)(t=(e=s[r]).getAttribute(\"data-secret\"))||(t=Math.random().toString(36).substring(2,12),e.src+=\"#?secret=\"+t,e.setAttribute(\"data-secret\",t)),e.contentWindow.postMessage({message:\"ready\",secret:t},\"*\")},!1)))}(window,document);\n\/\/# sourceURL=https:\/\/omct-tunisie.org\/storytelling-ilamata\/wp-includes\/js\/wp-embed.min.js\n\/* ]]> *\/\n<\/script>\n","description":"Hamdi est d\u00e9c\u00e9d\u00e9 \u00e0 l\u2019h\u00f4pital le 1er septembre 2022, environ une semaine apr\u00e8s son transfert de la prison o\u00f9 il \u00e9tait en d\u00e9tention pr\u00e9ventive depuis le mois de mai. Lorsque son p\u00e8re lui a rendu visite \u00e0 l\u2019h\u00f4pital juste avant sa mort, il a trouv\u00e9 son fils paralys\u00e9. Ce dernier pr\u00e9sentait, selon son p\u00e8re, des traces de violence et a racont\u00e9 qu\u2019il avait \u00e9t\u00e9 s\u00e9v\u00e8rement battu par des gardiens. Peu apr\u00e8s la visite de son p\u00e8re \u00e0 l\u2019h\u00f4pital, Hamdi est tomb\u00e9 dans le coma, puis il est d\u00e9c\u00e9d\u00e9, officiellement des suites d\u2019une d\u00e9faillance cardio-respiratoire. Une enqu\u00eate est en cours mais \u00e0 ce jour, la famille de Hamdi ne conna\u00eet toujours pas les causes ni encore moins les circonstances de sa mort."}