{"version":"1.0","provider_name":"Jusqu&#039;\u00e0 quand ?","provider_url":"https:\/\/omct-tunisie.org\/storytelling-ilamata","author_name":"adminevt","author_url":"https:\/\/omct-tunisie.org\/storytelling-ilamata\/author\/adminevt\/","title":"N\u00e9glig\u00e9 jusqu\u2019\u00e0 la mort - Jusqu&#039;\u00e0 quand ?","type":"rich","width":600,"height":338,"html":"<blockquote class=\"wp-embedded-content\" data-secret=\"0qQdGcIylr\"><a href=\"https:\/\/omct-tunisie.org\/storytelling-ilamata\/time_line\/abdesslam-30-ans-sfax\/\">N\u00e9glig\u00e9 jusqu\u2019\u00e0 la mort<\/a><\/blockquote><iframe sandbox=\"allow-scripts\" security=\"restricted\" src=\"https:\/\/omct-tunisie.org\/storytelling-ilamata\/time_line\/abdesslam-30-ans-sfax\/embed\/#?secret=0qQdGcIylr\" width=\"600\" height=\"338\" title=\"\u00ab\u00a0N\u00e9glig\u00e9 jusqu\u2019\u00e0 la mort\u00a0\u00bb &#8212; Jusqu&#039;\u00e0 quand ?\" data-secret=\"0qQdGcIylr\" frameborder=\"0\" marginwidth=\"0\" marginheight=\"0\" scrolling=\"no\" class=\"wp-embedded-content\"><\/iframe><script type=\"text\/javascript\">\n\/* <![CDATA[ *\/\n\/*! This file is auto-generated *\/\n!function(d,l){\"use strict\";l.querySelector&&d.addEventListener&&\"undefined\"!=typeof URL&&(d.wp=d.wp||{},d.wp.receiveEmbedMessage||(d.wp.receiveEmbedMessage=function(e){var t=e.data;if((t||t.secret||t.message||t.value)&&!\/[^a-zA-Z0-9]\/.test(t.secret)){for(var s,r,n,a=l.querySelectorAll('iframe[data-secret=\"'+t.secret+'\"]'),o=l.querySelectorAll('blockquote[data-secret=\"'+t.secret+'\"]'),c=new RegExp(\"^https?:$\",\"i\"),i=0;i<o.length;i++)o[i].style.display=\"none\";for(i=0;i<a.length;i++)s=a[i],e.source===s.contentWindow&&(s.removeAttribute(\"style\"),\"height\"===t.message?(1e3<(r=parseInt(t.value,10))?r=1e3:~~r<200&&(r=200),s.height=r):\"link\"===t.message&&(r=new URL(s.getAttribute(\"src\")),n=new URL(t.value),c.test(n.protocol))&&n.host===r.host&&l.activeElement===s&&(d.top.location.href=t.value))}},d.addEventListener(\"message\",d.wp.receiveEmbedMessage,!1),l.addEventListener(\"DOMContentLoaded\",function(){for(var e,t,s=l.querySelectorAll(\"iframe.wp-embedded-content\"),r=0;r<s.length;r++)(t=(e=s[r]).getAttribute(\"data-secret\"))||(t=Math.random().toString(36).substring(2,12),e.src+=\"#?secret=\"+t,e.setAttribute(\"data-secret\",t)),e.contentWindow.postMessage({message:\"ready\",secret:t},\"*\")},!1)))}(window,document);\n\/\/# sourceURL=https:\/\/omct-tunisie.org\/storytelling-ilamata\/wp-includes\/js\/wp-embed.min.js\n\/* ]]> *\/\n<\/script>\n","description":"Abdesslam a \u00e9t\u00e9 arr\u00eat\u00e9 apr\u00e8s le couvre-feu dans la nuit du 28 f\u00e9vrier. Il est diab\u00e9tique et son \u00e9tat de sant\u00e9 n\u2019a cess\u00e9 de se d\u00e9t\u00e9riorer pendant sa garde \u00e0 vue. Le 2 mars, il a \u00e9t\u00e9 plac\u00e9 en d\u00e9tention provisoire \u00e0 la prison de Thyna. Le lendemain, son \u00e9tat \u00e9tait tel qu\u2019il a d\u00fb \u00eatre transf\u00e9r\u00e9 \u00e0 l\u2019h\u00f4pital. Il est mort pendant le trajet, victime de n\u00e9gligences en s\u00e9rie. Le cas d\u2019Abdesslam est un des 16 cas document\u00e9s par SANAD depuis 2014 dans lesquels les victimes sont mortes dans des circonstances toujours non \u00e9lucid\u00e9es au cours de leur d\u00e9tention ou \u00e0 la suite d\u2019un contact avec la police."}